{"id":106,"date":"2022-12-01T14:15:13","date_gmt":"2022-12-01T14:15:13","guid":{"rendered":"http:\/\/george2.univnt.ro\/?page_id=106"},"modified":"2025-09-22T11:19:10","modified_gmt":"2025-09-22T11:19:10","slug":"constant-2019","status":"publish","type":"page","link":"https:\/\/constant.univnt.ro\/index.php\/constant-2019\/","title":{"rendered":"Constant 2019"},"content":{"rendered":"\t\t<div data-elementor-type=\"wp-page\" data-elementor-id=\"106\" class=\"elementor elementor-106\">\n\t\t\t\t\t\t\t\t\t<section class=\"elementor-section elementor-top-section elementor-element elementor-element-bb632eb elementor-section-boxed elementor-section-height-default elementor-section-height-default\" data-id=\"bb632eb\" data-element_type=\"section\">\n\t\t\t\t\t\t<div class=\"elementor-container elementor-column-gap-default\">\n\t\t\t\t\t<div class=\"elementor-column elementor-col-100 elementor-top-column elementor-element elementor-element-0791315\" data-id=\"0791315\" data-element_type=\"column\">\n\t\t\t<div class=\"elementor-widget-wrap elementor-element-populated\">\n\t\t\t\t\t\t\t\t<div class=\"elementor-element elementor-element-5f2ca94 elementor-tabs-view-vertical elementor-widget elementor-widget-tabs\" data-id=\"5f2ca94\" data-element_type=\"widget\" data-widget_type=\"tabs.default\">\n\t\t\t\t<div class=\"elementor-widget-container\">\n\t\t\t<style>\/*! elementor - v3.11.3 - 07-03-2023 *\/\n.elementor-widget-tabs.elementor-tabs-view-vertical .elementor-tabs-wrapper{width:25%;flex-shrink:0}.elementor-widget-tabs.elementor-tabs-view-vertical .elementor-tab-desktop-title.elementor-active{border-right-style:none}.elementor-widget-tabs.elementor-tabs-view-vertical .elementor-tab-desktop-title.elementor-active:after,.elementor-widget-tabs.elementor-tabs-view-vertical .elementor-tab-desktop-title.elementor-active:before{height:999em;width:0;right:0;border-right-style:solid}.elementor-widget-tabs.elementor-tabs-view-vertical .elementor-tab-desktop-title.elementor-active:before{top:0;transform:translateY(-100%)}.elementor-widget-tabs.elementor-tabs-view-vertical .elementor-tab-desktop-title.elementor-active:after{top:100%}.elementor-widget-tabs.elementor-tabs-view-horizontal .elementor-tab-desktop-title{display:table-cell}.elementor-widget-tabs.elementor-tabs-view-horizontal .elementor-tab-desktop-title.elementor-active{border-bottom-style:none}.elementor-widget-tabs.elementor-tabs-view-horizontal .elementor-tab-desktop-title.elementor-active:after,.elementor-widget-tabs.elementor-tabs-view-horizontal .elementor-tab-desktop-title.elementor-active:before{bottom:0;height:0;width:999em;border-bottom-style:solid}.elementor-widget-tabs.elementor-tabs-view-horizontal .elementor-tab-desktop-title.elementor-active:before{right:100%}.elementor-widget-tabs.elementor-tabs-view-horizontal .elementor-tab-desktop-title.elementor-active:after{left:100%}.elementor-widget-tabs .elementor-tab-content,.elementor-widget-tabs .elementor-tab-title,.elementor-widget-tabs .elementor-tab-title:after,.elementor-widget-tabs .elementor-tab-title:before,.elementor-widget-tabs .elementor-tabs-content-wrapper{border:1px #d4d4d4}.elementor-widget-tabs .elementor-tabs{text-align:left}.elementor-widget-tabs .elementor-tabs-wrapper{overflow:hidden}.elementor-widget-tabs .elementor-tab-title{cursor:pointer;outline:var(--focus-outline,none)}.elementor-widget-tabs .elementor-tab-desktop-title{position:relative;padding:20px 25px;font-weight:700;line-height:1;border:solid transparent}.elementor-widget-tabs .elementor-tab-desktop-title.elementor-active{border-color:#d4d4d4}.elementor-widget-tabs .elementor-tab-desktop-title.elementor-active:after,.elementor-widget-tabs .elementor-tab-desktop-title.elementor-active:before{display:block;content:\"\";position:absolute}.elementor-widget-tabs .elementor-tab-desktop-title:focus-visible{border:1px solid #000}.elementor-widget-tabs .elementor-tab-mobile-title{padding:10px;cursor:pointer}.elementor-widget-tabs .elementor-tab-content{padding:20px;display:none}@media (max-width:767px){.elementor-tabs .elementor-tab-content,.elementor-tabs .elementor-tab-title{border-style:solid solid none}.elementor-tabs .elementor-tabs-wrapper{display:none}.elementor-tabs .elementor-tabs-content-wrapper{border-bottom-style:solid}.elementor-tabs .elementor-tab-content{padding:10px}}@media (min-width:768px){.elementor-widget-tabs.elementor-tabs-view-vertical .elementor-tabs{display:flex}.elementor-widget-tabs.elementor-tabs-view-vertical .elementor-tabs-wrapper{flex-direction:column}.elementor-widget-tabs.elementor-tabs-view-vertical .elementor-tabs-content-wrapper{flex-grow:1;border-style:solid solid solid none}.elementor-widget-tabs.elementor-tabs-view-horizontal .elementor-tab-content{border-style:none solid solid}.elementor-widget-tabs.elementor-tabs-alignment-center .elementor-tabs-wrapper,.elementor-widget-tabs.elementor-tabs-alignment-end .elementor-tabs-wrapper,.elementor-widget-tabs.elementor-tabs-alignment-stretch .elementor-tabs-wrapper{display:flex}.elementor-widget-tabs.elementor-tabs-alignment-center .elementor-tabs-wrapper{justify-content:center}.elementor-widget-tabs.elementor-tabs-alignment-end .elementor-tabs-wrapper{justify-content:flex-end}.elementor-widget-tabs.elementor-tabs-alignment-stretch.elementor-tabs-view-horizontal .elementor-tab-title{width:100%}.elementor-widget-tabs.elementor-tabs-alignment-stretch.elementor-tabs-view-vertical .elementor-tab-title{height:100%}.elementor-tabs .elementor-tab-mobile-title{display:none}}<\/style>\t\t<div class=\"elementor-tabs\">\n\t\t\t<div class=\"elementor-tabs-wrapper\" role=\"tablist\" >\n\t\t\t\t\t\t\t\t\t<div id=\"elementor-tab-title-9971\" class=\"elementor-tab-title elementor-tab-desktop-title\" aria-selected=\"true\" data-tab=\"1\" role=\"tab\" tabindex=\"0\" aria-controls=\"elementor-tab-content-9971\" aria-expanded=\"false\">Despre CONSTANT 2019<\/div>\n\t\t\t\t\t\t\t\t\t<div id=\"elementor-tab-title-9972\" class=\"elementor-tab-title elementor-tab-desktop-title\" aria-selected=\"false\" data-tab=\"2\" role=\"tab\" tabindex=\"-1\" aria-controls=\"elementor-tab-content-9972\" aria-expanded=\"false\">Domenii de interes<\/div>\n\t\t\t\t\t\t\t\t\t<div id=\"elementor-tab-title-9973\" class=\"elementor-tab-title elementor-tab-desktop-title\" aria-selected=\"false\" data-tab=\"3\" role=\"tab\" tabindex=\"-1\" aria-controls=\"elementor-tab-content-9973\" aria-expanded=\"false\">Comitetul \u015ftiin\u0163ific interna\u0163ional<\/div>\n\t\t\t\t\t\t\t\t\t<div id=\"elementor-tab-title-9974\" class=\"elementor-tab-title elementor-tab-desktop-title\" aria-selected=\"false\" data-tab=\"4\" role=\"tab\" tabindex=\"-1\" aria-controls=\"elementor-tab-content-9974\" aria-expanded=\"false\">Comitetul de organizare<\/div>\n\t\t\t\t\t\t\t\t\t<div id=\"elementor-tab-title-9975\" class=\"elementor-tab-title elementor-tab-desktop-title\" aria-selected=\"false\" data-tab=\"5\" role=\"tab\" tabindex=\"-1\" aria-controls=\"elementor-tab-content-9975\" aria-expanded=\"false\">Termene<\/div>\n\t\t\t\t\t\t\t\t\t<div id=\"elementor-tab-title-9976\" class=\"elementor-tab-title elementor-tab-desktop-title\" aria-selected=\"false\" data-tab=\"6\" role=\"tab\" tabindex=\"-1\" aria-controls=\"elementor-tab-content-9976\" aria-expanded=\"false\">Instruc\u0163iuni pentru autori<\/div>\n\t\t\t\t\t\t\t\t\t<div id=\"elementor-tab-title-9977\" class=\"elementor-tab-title elementor-tab-desktop-title\" aria-selected=\"false\" data-tab=\"7\" role=\"tab\" tabindex=\"-1\" aria-controls=\"elementor-tab-content-9977\" aria-expanded=\"false\">Loc de desf\u0103\u0219urare<\/div>\n\t\t\t\t\t\t\t\t\t<div id=\"elementor-tab-title-9978\" class=\"elementor-tab-title elementor-tab-desktop-title\" aria-selected=\"false\" data-tab=\"8\" role=\"tab\" tabindex=\"-1\" aria-controls=\"elementor-tab-content-9978\" aria-expanded=\"false\">CONSTANT 2019 Program<\/div>\n\t\t\t\t\t\t\t\t\t<div id=\"elementor-tab-title-9979\" class=\"elementor-tab-title elementor-tab-desktop-title\" aria-selected=\"false\" data-tab=\"9\" role=\"tab\" tabindex=\"-1\" aria-controls=\"elementor-tab-content-9979\" aria-expanded=\"false\">CONSTANT 2019 Jurnal<\/div>\n\t\t\t\t\t\t\t\t\t<div id=\"elementor-tab-title-99710\" class=\"elementor-tab-title elementor-tab-desktop-title\" aria-selected=\"false\" data-tab=\"10\" role=\"tab\" tabindex=\"-1\" aria-controls=\"elementor-tab-content-99710\" aria-expanded=\"false\">PALMARES<\/div>\n\t\t\t\t\t\t\t\t\t<div id=\"elementor-tab-title-99711\" class=\"elementor-tab-title elementor-tab-desktop-title\" aria-selected=\"false\" data-tab=\"11\" role=\"tab\" tabindex=\"-1\" aria-controls=\"elementor-tab-content-99711\" aria-expanded=\"false\">FORMULAR DE \u00ceNREGISTRARE<\/div>\n\t\t\t\t\t\t\t<\/div>\n\t\t\t<div class=\"elementor-tabs-content-wrapper\" role=\"tablist\" aria-orientation=\"vertical\">\n\t\t\t\t\t\t\t\t\t<div class=\"elementor-tab-title elementor-tab-mobile-title\" aria-selected=\"true\" data-tab=\"1\" role=\"tab\" tabindex=\"0\" aria-controls=\"elementor-tab-content-9971\" aria-expanded=\"false\">Despre CONSTANT 2019<\/div>\n\t\t\t\t\t<div id=\"elementor-tab-content-9971\" class=\"elementor-tab-content elementor-clearfix\" data-tab=\"1\" role=\"tabpanel\" aria-labelledby=\"elementor-tab-title-9971\" tabindex=\"0\" hidden=\"false\"><div class=\"left_column\"><p style=\"text-align: center;\"><strong>Conferin\u0163a studen\u0163easc\u0103 anual\u0103<br \/>\u201eNicolae Titulescu\u201d &#8211; \u201eCONSTANT\u201d<br \/>05<sup>th<\/sup>\u00a0&#8211; 06<sup>th<\/sup>\u00a0April 2019, Bucure\u015fti, 2019<br \/>Edi\u0163ia a IX-a<\/strong><\/p><p align=\"justify\">Conferin\u0163a studen\u0163easc\u0103 anual\u0103\u00a0<strong>\u201eNicolae Titulescu\u201d &#8211; \u201eCONSTANT\u201d<\/strong>, manifestare cu caracter interna\u0163ional, organizat\u0103 de Universitatea \u201cNicolae Titulescu\u201d din Bucure\u015fti, Universitatea din Miskolc, Ungaria \u015fi Universitatea \u201cAngel Kanchev\u201d din Ruse, Bulgaria, \u00een parteneriat cu Funda\u0163ia de Drept \u015fi Rela\u0163ii Interna\u0163ionale \u201cNicolae Titulescu\u201d, Asociatia Studentilor Universitatii Nicolae Titulescu (ASUNT) \u015fi Editura Universit\u0103\u021bii \u201cNicolae Titulescu\u201d din Bucure\u015fti, reprezint\u0103 o oportunitate pentru studen\u0163i \u015fi masteranzi de a elabora \u015fi prezenta studii \u00een domenii interdisciplinare (\u015ftiin\u0163e juridice, \u015ftiin\u0163e economice \u015fi \u015ftiin\u0163e sociale \u015fi administrative), de a se integra \u00een societatea cunoa\u015fterii, caracterizat\u0103, printre altele, de necesitatea existen\u0163ei unor manifest\u0103ri \u015ftiin\u0163ifice de profil. Dintr-o alt\u0103 perspectiv\u0103,\u00a0<strong>CONSTANT\u00a0<\/strong>constituie un motiv de consolidare a rela\u0163iei fundamentale profesor-student, maestru-discipol, \u00een jurul c\u0103reia se cl\u0103de\u015fte mare parte a lumii universitare. Studentul are nevoie de cunoa\u015fterea profesorului. \u00cen egal\u0103 m\u0103sur\u0103, profesorul are nevoie (\u015fi este dator) s\u0103 ofere cunoa\u015ftere, s\u0103 ghideze t\u00e2n\u0103rul cercet\u0103tor \u00een studiul necesar \u00eentocmirii unei lucr\u0103ri \u015ftiin\u0163ifice. Prin participarea la\u00a0<strong>CONSTANT<\/strong>, urmare a procesului de recenzare efectuat de comitetul \u015ftiin\u0163ific constituit, studen\u0163ii \u015fi masteranzii \u00eenregistra\u0163i vor avea posibilitatea de a publica studiile elaborate \u00een\u00a0<strong>CONSTANT-eBook<\/strong>, proceeding editat de Editura Universit\u0103\u021bii \u201cNicolae Titulescu\u201d Bucure\u015fti.\u00a0<strong>CONSTANT\u00a0<\/strong>se va desf\u0103\u015fura \u00een limba rom\u00e2n\u0103 \u015fi limba englez\u0103 (contribu\u0163iile autorilor rom\u00e2ni vor fi redactate \u00een limba rom\u00e2n\u0103, cu abstract \u00een limba rom\u00e2n\u0103; contribu\u021biile autorilor str\u0103ini vor fi redactate \u00een limba englez\u0103, cu abstract \u00een limba englez\u0103).<br \/><br \/><img decoding=\"async\" class=\"aligncenter\" src=\"http:\/\/constant.univnt.ro\/pictures\/constant2012.jpg\" alt=\"constant 2012\" \/><br \/><strong>CALL FOR PAPERS<\/strong><br \/>Studen\u0163ii \u015fi masteranzii interesa\u0163i s\u0103 participe la lucr\u0103rile\u00a0<strong>CONSTANT 2019\u00a0<\/strong>sunt invita\u0163i s\u0103 trimit\u0103 studii \u00een domeniile de interes (minim 3000 de cuvinte \u015fi maxim 8000 de cuvinte). Studiile autorilor rom\u00e2ni vor fi redactate \u00een limba rom\u00e2n\u0103. Studiile autorilor str\u0103ini vor fi redactate \u00een limba englez\u0103. Pentru \u00eenregistrarea studiilor una dintre condi\u0163iile obligatorii este ca fiecare lucrare s\u0103 fie asumat\u0103 de un cadru didactic \u00een calitate de coordonator \u015ftiin\u0163ific. Studiile \u00eenregistrate vor fi evaluate de membrii Comitetului \u015ftiin\u0163ific.<br \/>Participan\u021bii la conferin\u021b\u0103 vor trimite studiul redactat \u00een forma cerut\u0103, online la adresa de email: <a href=\"mailto:constant@univnt.ro\">constant@univnt.ro<\/a><br \/>Prezentarea studiului este recomandat s\u0103 fie f\u0103cut\u0103 \u00een power point \u015fi trebuie s\u0103 se \u00eencadreze \u00een durata de 10 minute.<\/p><p><strong>NU SE PERCEPE TAXA DE PARTICIPARE!<\/strong><\/p><\/div><\/div>\n\t\t\t\t\t\t\t\t\t<div class=\"elementor-tab-title elementor-tab-mobile-title\" aria-selected=\"false\" data-tab=\"2\" role=\"tab\" tabindex=\"-1\" aria-controls=\"elementor-tab-content-9972\" aria-expanded=\"false\">Domenii de interes<\/div>\n\t\t\t\t\t<div id=\"elementor-tab-content-9972\" class=\"elementor-tab-content elementor-clearfix\" data-tab=\"2\" role=\"tabpanel\" aria-labelledby=\"elementor-tab-title-9972\" tabindex=\"0\" hidden=\"hidden\"><table border=\"0\" cellspacing=\"0\" cellpadding=\"0\"><tbody><tr><td><p><strong>Sectiunea 1- \u015etiin\u0163e juridice<\/strong><\/p><\/td><\/tr><tr><td><p>Subsectiunea 1.1. Drept penal<\/p><\/td><\/tr><tr><td><p>Subsectiunea 1.2. Drept privat<\/p><\/td><\/tr><tr><td><p>Subsectiunea 1.3. Drept public<\/p><\/td><\/tr><tr><td><p><strong>Sectiunea 2 \u2013 Economie \u015fi Administrarea Afacerilor<\/strong><\/p><\/td><\/tr><tr><td><p>Subsectiunea 2.1. Economie general\u0103<\/p><\/td><\/tr><tr><td><p>Subsectiunea 2.2. Finan\u0163e \u015fi contabilitate<\/p><\/td><\/tr><tr><td><p>Subsectiunea 2.3. Management \u015fi Marketing<\/p><\/td><\/tr><tr><td><p><strong>Sectiunea 3 \u2013 Rela\u0163ii Interna\u0163ionale \u015fi Administrative<\/strong><\/p><\/td><\/tr><tr><td><p>Subsectiunea 3.1. Rela\u0163ii interna\u0163ionale \u015fi studii europene<\/p><\/td><\/tr><tr><td><p>Subsectiunea 3.2. Administra\u0163ie public\u0103<\/p><\/td><\/tr><\/tbody><\/table><\/div>\n\t\t\t\t\t\t\t\t\t<div class=\"elementor-tab-title elementor-tab-mobile-title\" aria-selected=\"false\" data-tab=\"3\" role=\"tab\" tabindex=\"-1\" aria-controls=\"elementor-tab-content-9973\" aria-expanded=\"false\">Comitetul \u015ftiin\u0163ific interna\u0163ional<\/div>\n\t\t\t\t\t<div id=\"elementor-tab-content-9973\" class=\"elementor-tab-content elementor-clearfix\" data-tab=\"3\" role=\"tabpanel\" aria-labelledby=\"elementor-tab-title-9973\" tabindex=\"0\" hidden=\"hidden\">Prof. univ. dr.\u00a0<strong>Ion Neagu<\/strong>, Universitatea \u201eNicolae Titulescu\u201d din Bucure\u015fti;\nprof. univ. dr.\u00a0<strong>Viorel Cornescu<\/strong>, Universitatea \u201eNicolae Titulescu\u201d din Bucure\u015fti;\nprof. univ. dr.\u00a0<strong>Erika R\u00f3th<\/strong>, Universitatea din Miskolc, Ungaria;\nprof. univ. dr.\u00a0<strong>Gabriel Boroi<\/strong>, Universitatea \u201eNicolae Titulescu\u201d din Bucure\u015fti;\nprof. univ. dr.\u00a0<strong>Damaschin Mircea<\/strong>, Universitatea \u201eNicolae Titulescu\u201d din Bucure\u015fti;\nprof. univ. dr.\u00a0<strong>L\u00e1szl\u00f3 Majtenyi<\/strong>, Universitatea din Miskolc, Ungaria;\nprof. univ. dr.\u00a0<strong>Mikl\u00f3s Szab\u00f3<\/strong>, Universitatea din Miskolc, Ungaria;\nconf. univ. dr.\u00a0<strong>Eva Erdos<\/strong>, Universitatea din Miskolc, Ungaria;\nconf. univ. dr.\u00a0<strong>Zoltan Varga<\/strong>, Universitatea din Miskolc, Ungaria;\nprof. univ. dr.\u00a0<strong>Diana Antonova<\/strong>, Universitatea \u201eAngel Kanchev\u201d din Ruse;\nprof. univ. dr.\u00a0<strong>Juliana Popova<\/strong>, Universitatea \u201eAngel Kanchev\u201d din Ruse;\nconf. univ. dr.\u00a0<strong>Kremena Rayanova<\/strong>, Universitatea \u201eAngel Kanchev\u201d din Ruse;\nconf. univ. dr.\u00a0<strong>Krasimir Dimitrov<\/strong>, Universitatea \u201eAngel Kanchev\u201d din Ruse;\nasist. univ. dr.\u00a0<strong>Vanya Panteleeva<\/strong>, Universitatea \u201eAngel Kanchev\u201d din Ruse;\nasist. univ. dr.\u00a0<strong>Anastas Georgiev<\/strong>, Universitatea \u201eAngel Kanchev\u201d din Ruse;\nasist. univ. dr.\u00a0<strong>Maria Radeva<\/strong>, Universitatea \u201eAngel Kanchev\u201d din Ruse;\nprof. univ. dr.\u00a0<strong>Vasile Dobrinoiu<\/strong>, Universitatea \u201eNicolae Titulescu\u201d din Bucure\u015fti;\nprof univ. dr.\u00a0<strong>Nicolae Popa<\/strong>, Universitatea \u201eNicolae Titulescu\u201d din Bucure\u015fti;\nprof. univ. dr.\u00a0<strong>Viorel Ro\u015f<\/strong>, Universitatea \u201eNicolae Titulescu\u201d din Bucure\u015fti;\nconf. univ. dr.\u00a0<strong>Bogdan Micu<\/strong>, Universitatea \u201eNicolae Titulescu\u201d din Bucure\u015fti;\nconf. univ. dr\u00a0<strong>Gorunescu Mirela<\/strong>, Universitatea \u201eNicolae Titulescu\u201d din Bucure\u015fti;\nprof.univ. dr.\u00a0<strong>Gorgenyi Ilona<\/strong>, Universitatea din Miskolc, Ungaria;\nprof. univ. dr.\u00a0<strong>Raluca Miga Besteliu<\/strong>, Universitatea \u201eNicolae Titulescu\u201d din Bucure\u015fti;\nprof. univ. dr.\u00a0<strong>Augustin Fuerea<\/strong>, Universitatea \u201eNicolae Titulescu\u201d din Bucure\u015fti;\nasist. univ. dr.\u00a0<strong>Edit S\u00e1pi<\/strong>, Universitatea din Miskolc, Ungaria;\nprof. univ. dr.\u00a0<strong>Corneliu B\u00e2rsan<\/strong>, Universitatea \u201eNicolae Titulescu\u201d din Bucure\u0219ti;\nconf. univ. dr.\u00a0<strong>Marta Claudia Cliza<\/strong>, Universitatea \u201eNicolae Titulescu\u201d din Bucure\u015fti;\ndr. adjunct,\u00a0<strong>R\u00e9ka Pusztahelyi<\/strong>, Universitatea din Miskolc, Ungaria;\ndr. adjunct,\u00a0<strong>Gy\u00f6rgy Marink\u00e1s<\/strong>, Universitatea din Miskolc, Ungaria;\nlect. univ. dr.\u00a0<strong>Szil\u00e1gyi J\u00e1nos Ede<\/strong>, Universitatea din Miskolc, Ungaria;\nlect. univ. dr.\u00a0<strong>Elena Emilia \u0218tefan<\/strong>, Universitatea \u201eNicolae Titulescu\u201d din Bucure\u015fti;\nconf. univ. dr.\u00a0<strong>Roxana Mariana Popescu<\/strong>, Universitatea \u201eNicolae Titulescu\u201d din Bucure\u015fti;\nprof. univ. dr.\u00a0<strong>Mihai-Adrian Hotca<\/strong>, Universitatea \u201eNicolae Titulescu\u201d din Bucure\u0219ti;\nlect. univ. dr.\u00a0<strong>Elena Anghel<\/strong>, Universitatea \u201eNicolae Titulescu\u201d din Bucure\u015fti;\nlect. univ. dr.\u00a0<strong>Dan Alexandru Sitaru<\/strong>, Universitatea \u201eNicolae Titulescu\u201d din Bucure\u0219ti;\nasist. univ. dr.\u00a0<strong>G\u00e1bor M\u00e9lypataki<\/strong>, Universitatea din Miskolc, Ungaria;\nlect. univ. dr.\u00a0<strong>Bogdan Nazat<\/strong>, Universitatea \u201eNicolae Titulescu\u201d din Bucure\u0219ti;\nlect. univ. dr.\u00a0<strong>Adrienn Nagy<\/strong>, Universitatea din Miskolc, Ungaria;\nlect. univ. dr.\u00a0<strong>Timea Barz\u00f3<\/strong>, Universitatea din Miskolc, Ungaria;\nlect. univ. dr.\u00a0<strong>J\u00f3zsef Gula<\/strong>, Universitatea din Miskolc, Ungaria;\ndr. adjunct\u00a0<strong>Gy\u00f6rgy Kenderes<\/strong>, Universitatea din Miskolc, Ungaria;\nasist. univ. dr.\u00a0<strong>Cantemir Nadia Stoica<\/strong>, Universitatea \u201eNicolae Titulescu\u201d din Bucure\u0219ti;\nlect. univ. dr.\u00a0<strong>Florina Mitrofan<\/strong>, Universitatea de Stat din Pite\u015fti;\nlect. univ. dr.\u00a0<strong>Carmina-Elena Tolbaru<\/strong>, Universitatea de Stat din Pite\u015fti;\nlect. univ. dr.\u00a0<strong>Adriana Pantoiu<\/strong>, Universitatea de Stat din Pite\u015fti;\nlect. univ. dr.\u00a0<strong>Singh Amelia-Veronica<\/strong>, Universitatea de Stat din Pite\u015fti;\nasist. univ. dr.\u00a0<strong>Andrei Iugan<\/strong>, Universitatea \u201eNicolae Titulescu\u201d din Bucure\u0219ti;\nasist. univ. dr.\u00a0<strong>Gabriela Fierbin\u0163eanu<\/strong>, Universitatea \u201eNicolae Titulescu\u201d din Bucure\u015fti;\nlect. univ. dr.\u00a0<strong>Rodica Aida Popa<\/strong>, Universitatea \u201eNicolae Titulescu\u201d din Bucure\u015fti;\nasist. univ. dr.\u00a0<strong>Carla Alexandra Anghelescu<\/strong>, Universitatea \u201eNicolae Titulescu\u201d din Bucure\u015fti;\nlect. univ. dr.\u00a0<strong>Andrei Muraru<\/strong>, Universitatea \u201eNicolae Titulescu\u201d din Bucure\u015fti;\nconf. univ. dr.\u00a0<strong>Vasile Neme\u015f<\/strong>, Universitatea \u201eNicolae Titulescu\u201d din Bucure\u015fti;\nasist. univ. dr.\u00a0<strong>Alina Mihaela Conea<\/strong>, Universitatea \u201eNicolae Titulescu\u201d din Bucure\u015fti;\nlect. univ. dr.\u00a0<strong>Cornelia Beatrice Gabriela Ene-Dinu<\/strong>, Universitatea \u201eNicolae Titulescu\u201d din Bucure\u015fti;\nasist. univ. dr.\u00a0<strong>Laura Cristiana Sp\u0103taru Negur\u0103<\/strong>, Universitatea \u201eNicolae Titulescu\u201d din Bucure\u015fti;\nlect. univ. dr.\u00a0<strong>Anca Nicoleta Gheorghe<\/strong>, Universitatea \u201eNicolae Titulescu\u201d din Bucure\u015fti;\nasist. univ. dr.\u00a0<strong>Mircea Constantin Sinescu<\/strong>, Universitatea \u201eNicolae Titulescu\u201d din Bucure\u015fti;\nasist. univ. dr.\u00a0<strong>Radu Sl\u0103voiu<\/strong>, Universitatea \u201eNicolae Titulescu\u201d din Bucure\u015fti;\nasist. univ. drd.\u00a0<strong>Nicolae George Octavian<\/strong>, Universitatea \u201eNicolae Titulescu\u201d din Bucure\u015fti;\nconf. univ. dr.\u00a0<strong>Maria-Zenovia Grigore<\/strong>, Universitatea \u201eNicolae Titulescu\u201d din Bucure\u015fti;\nlect. univ. dr.\u00a0<strong>Mariana Gur\u0103u<\/strong>, Universitatea \u201eNicolae Titulescu\u201d din Bucure\u015fti;\nprof. univ. dr.\u00a0<strong>Valentina Vasile<\/strong>, Universitatea \u201eNicolae Titulescu\u201d din Bucure\u015fti;\nconf. univ. dr.\u00a0<strong>M\u0103d\u0103lina R\u0103doi<\/strong>, Universitatea \u201eNicolae Titulescu\u201d din Bucure\u015fti;\nconf. univ. dr.\u00a0<strong>Gheorghe Sandu<\/strong>, Universitatea \u201eNicolae Titulescu\u201d din Bucure\u015fti;\nlect. univ. dr.\u00a0<strong>Mihaela Iliescu<\/strong>, Universitatea \u201eNicolae Titulescu\u201d din Bucure\u015fti;\nasist. univ. dr.\u00a0<strong>Nicoleta Panait<\/strong>, Universitatea \u201eNicolae Titulescu\u201d din Bucure\u015fti;\nlect. univ. dr.\u00a0<strong>Cristina Matei<\/strong>, Universitatea \u201eNicolae Titulescu\u201d din Bucure\u015fti;\nasist. univ. dr.\u00a0<strong>Valentina Bp\u0103rbp\u0103teanu<\/strong>, Universitatea \u201eNicolae Titulescu\u201d din Bucure\u015fti\nconf. univ. dr.\u00a0<strong>Constantin Br\u0103garu<\/strong>, Universitatea \u201eNicolae Titulescu\u201d din Bucure\u015fti;\nlect. univ. dr.\u00a0<strong>Carmen Radu<\/strong>, Universitatea \u201eNicolae Titulescu\u201d din Bucure\u015fti;\nlect. univ. dr.\u00a0<strong>Liviu Radu<\/strong>, Universitatea \u201eNicolae Titulescu\u201d din Bucure\u015fti;\nlect. univ. dr.\u00a0<strong>Dan Velicu<\/strong>, Universitatea \u201eNicolae Titulescu\u201d din Bucure\u015fti;\nasist. univ. dr.\u00a0<strong>Oana Iacob<\/strong>, Universitatea \u201eNicolae Titulescu\u201d din Bucure\u015fti.<\/div>\n\t\t\t\t\t\t\t\t\t<div class=\"elementor-tab-title elementor-tab-mobile-title\" aria-selected=\"false\" data-tab=\"4\" role=\"tab\" tabindex=\"-1\" aria-controls=\"elementor-tab-content-9974\" aria-expanded=\"false\">Comitetul de organizare<\/div>\n\t\t\t\t\t<div id=\"elementor-tab-content-9974\" class=\"elementor-tab-content elementor-clearfix\" data-tab=\"4\" role=\"tabpanel\" aria-labelledby=\"elementor-tab-title-9974\" tabindex=\"0\" hidden=\"hidden\"><p align=\"\\&quot;justify\\&quot;\"><strong>Varlan Catinca\u00a0<\/strong>&#8211; (Pre\u015fedinte ASUNT)<br \/><strong>Nasulea Ioana\u00a0<\/strong>&#8211; (Drept public)<br \/><strong>Dobre Nicoleta\u00a0<\/strong>&#8211; (Drept privat)<br \/><strong>Varlan Catinca\u00a0<\/strong>&#8211; (Drept penal)<br \/><strong>Mitirita Remus\u00a0<\/strong>&#8211; (Rela\u0163ii interna\u0163ionale \u015fi administra\u0163ie)<br \/><strong>Mitirita Remus\u00a0<\/strong>(Economie \u015fi Administrarea Afacerilor).<br \/><br \/>Din partea cadrelor didactice,\u00a0<strong>CONSTANT 2019\u00a0<\/strong>este sprijinit, \u00een ceea ce prive\u0219te organizarea de c\u0103tre:<br \/><br \/>prof. univ. dr.\u00a0<strong>Ion Neagu<\/strong>; prof. univ. dr.\u00a0<strong>Viorel Cornescu<\/strong>; prof. univ. dr.\u00a0<strong>Gabriel Boroi<\/strong>; prof. univ. dr.\u00a0<strong>Mircea Damaschin<\/strong>; prof. univ. dr.\u00a0<strong>Erika R\u00f3th<\/strong>\u00a0(Universitatea din Miskolc, Ungaria); prof. univ. dr.\u00a0<strong>Diana Antonova<\/strong>\u00a0(Universitatea &#8220;Angel Kanchev&#8221; din Ruse, Bulgaria); conf. univ. dr.\u00a0<strong>Zolt\u00e1n Varga<\/strong>\u00a0(Universitatea din Miskolc, Ungaria); asist. univ. dr.\u00a0<strong>Vanya Panteleeva<\/strong>\u00a0(Universitatea &#8220;Angel Kanchev&#8221; din Ruse, Bulgaria); asist. univ. dr.\u00a0<strong>Carla Alexandra Anghelescu<\/strong>; asist. univ. dr.\u00a0<strong>Nicoleta Panait<\/strong>\u00a0(manager); ing. IT\u00a0<strong>Sergiu Pa\u015fcu<\/strong>, analist IT\u00a0<strong>Vechler Eduard\u00a0<\/strong>analist IT\u00a0<strong>Pretor George\u00a0<\/strong>.<\/p><\/div>\n\t\t\t\t\t\t\t\t\t<div class=\"elementor-tab-title elementor-tab-mobile-title\" aria-selected=\"false\" data-tab=\"5\" role=\"tab\" tabindex=\"-1\" aria-controls=\"elementor-tab-content-9975\" aria-expanded=\"false\">Termene<\/div>\n\t\t\t\t\t<div id=\"elementor-tab-content-9975\" class=\"elementor-tab-content elementor-clearfix\" data-tab=\"5\" role=\"tabpanel\" aria-labelledby=\"elementor-tab-title-9975\" tabindex=\"0\" hidden=\"hidden\"><table border=\"0\" cellspacing=\"1\" cellpadding=\"1\"><tbody><tr><td><p>\u00censcriere online<\/p><\/td><td><p>01 februarie 2019<\/p><\/td><\/tr><tr><td><p>Trimiterea studiului<\/p><\/td><td><p>10 martie 2019<\/p><\/td><\/tr><tr><td><p>Notificarea accept\u0103rii studiului<\/p><\/td><td><p>15 martie 2019<\/p><\/td><\/tr><tr><td><p>Publicarea programului final CONSTANT<\/p><\/td><td><p>22 martie 2019<\/p><\/td><\/tr><tr><td><p>Desf\u0103\u015furare CONSTANT<\/p><\/td><td><p>05-06 aprilie 2019<\/p><\/td><\/tr><\/tbody><\/table><\/div>\n\t\t\t\t\t\t\t\t\t<div class=\"elementor-tab-title elementor-tab-mobile-title\" aria-selected=\"false\" data-tab=\"6\" role=\"tab\" tabindex=\"-1\" aria-controls=\"elementor-tab-content-9976\" aria-expanded=\"false\">Instruc\u0163iuni pentru autori<\/div>\n\t\t\t\t\t<div id=\"elementor-tab-content-9976\" class=\"elementor-tab-content elementor-clearfix\" data-tab=\"6\" role=\"tabpanel\" aria-labelledby=\"elementor-tab-title-9976\" tabindex=\"0\" hidden=\"hidden\"><p align=\"justify\"><strong>Pentru a descarca modelul de redactare CONSTANT 2019, click\u00a0<\/strong><strong><a href=\"http:\/\/constant.univnt.ro\/uploads\/Template_CONSTANT_2019.doc\" target=\"_blank\" rel=\"noopener\">aici<\/a><\/strong>.<br \/><br \/>Studiile trebuie redactate \u00een limba rom\u00e2n\u0103, iar abstractul \u00een limba rom\u00e2n\u0103. M\u0103rimea recomandat\u0103 este \u00eentre 3000 de cuvinte \u015fi 8000 de cuvinte. Studiile trebuie s\u0103 respecte condi\u0163iile de fond \u015fi de form\u0103 impuse de desf\u0103\u015furarea CONSTANT. Fiecare studiu va fi \u00eenscris \u00een conferin\u0163\u0103 numai \u00een m\u0103sura \u00een care con\u0163inutul acestuia este asumat de un cadru didactic coordonator. \u00cen eventualitatea \u00een care se constat\u0103 nerespectarea condi\u0163iilor impuse, contribu\u0163iile vor fi returnate, acestea neput\u00e2nd intra \u00een procesul final de evaluare a calit\u0103\u0163ii \u015ftiin\u0163ifice dec\u00e2t \u00een momentul \u00een care sunt conforme cu regulile stabilite.<br \/><br \/>Participan\u021bii la conferin\u021b\u0103 vor trimite studiul redactat \u00een forma cerut\u0103, online la adresa de email: constant@univnt.ro.<br \/>Prezentarea studiului este recomandat s\u0103 fie f\u0103cut\u0103 \u00een power point \u0219i trebuie s\u0103 se \u00eencadreze \u00een durata de 10 minute.<br \/><br \/><strong>STRUCTURA LUCR\u0102RII<\/strong><br \/><br \/><strong>TITLUL LUCR\u0102RII<\/strong><br \/><em>(centru, bold, Times New Roman, 14, CAPS LOCK, o coloana)<\/em><br \/><br \/><strong>PRENUMELE SI NUMELE AUTORULUI\/AUTORILOR<\/strong><br \/>(centru, bold, Times New Roman, 12, CAPS LOCK)<br \/>\u00een cadrul notei de subsol se va insera afilierea studentului\/masterandului; de asemenea va fi inserat gradul didactic, titlul \u015ftiin\u0163ific \u015fi afilierea cadrului didactic coordonator; de asemenea, \u00eentre paranteze, va fi indicat\u0103 adresa de coresponden\u0163\u0103 electronic\u0103<br \/><br \/><strong>ABSTRACT<\/strong><br \/><em>(Times New Roman, bold, 11)<\/em><br \/>Abstractul va con\u0163ine maxim 300 de cuvinte. \u00cen abstract autorul trebuie s\u0103 men\u0163ioneze clar care este scopul concret al cercet\u0103rii \u015fi obiectivele urm\u0103rite (Times New Roman, italic, 11).<br \/><br \/><strong>CUVINTE CHEIE<\/strong><br \/><em>(Times New Roman, bold, 11)<\/em><br \/>Vor fi inserate 5 cuvinte cheie ori expresii care definesc obiectul cercet\u0103rii (Times New Roman, italic, 11).<br \/><br \/><strong>INTRODUCERE<\/strong><br \/><em>(Times New Roman, bold, 12)<\/em><br \/>Introducerea trebuie s\u0103 fie dimensionat\u0103 pe cel mult o pagin\u0103, dar nu mai pu\u0163in de o jum\u0103tate de pagin\u0103. Prin introducere, autorul va r\u0103spunde la urm\u0103toarele 4 \u00eentreb\u0103ri: 1) care este domeniul acoperit de tematica studiului; 2) care este importan\u0163a studiului propus \u015fi ce obiective sunt vizate; 3) care este modalitatea prin care autorul va r\u0103spunde la obiectivele asumate; 4) care este stadiul cunoa\u015fterii \u00een material abordat\u0103, cu referire la contribu\u0163iile deja existente \u00een literatura de specialitate. Introducerea \u00een studiu trebuie s\u0103 fie clar redactat\u0103. Orice confuzie care ar putea plana asupra celor 4 \u00eentreb\u0103ri poate fi apt\u0103 s\u0103 determine respingerea cercet\u0103rii (Times New Roman, 12).<br \/><br \/><strong>CONTINUTUL PROPRIU-ZIS<\/strong><br \/>(Times New Roman, 12, justify)<br \/>\u00cen cadrul acestei sec\u0163iuni a studiului propus autorul va prezenta \u015fi va sus\u0163ine argumentat rezultatele cercet\u0103rii \u00eentreprinse. Poate fi posibil\u0103 orice structur\u0103 care, \u00een opinia autorului, poate sus\u0163ine articolul.<br \/><br \/><strong>CONCLUZII<\/strong><br \/>(Times New Roman, 12)<br \/>\u00cen cadrul acestei sec\u0163iuni, autorul va acoperi urm\u0103toarele probleme: 1) prezentarea principalelor direc\u0163ii abordate \u00een articol \u015fi a rezultatelor ob\u0163inute; 2) prezentarea impactului preconizat al acestor rezultate; 3) sugestii pentru viitoare activit\u0103\u0163i de cercetare \u00een domeniul supus analizei.<br \/><br \/><strong>REFERINTE BIBLIOGRAFICE<\/strong><br \/><em>(Times New Roman, bold, 10)<\/em><br \/>Referin\u0163ele bibliografice vor fi redactate \u00een conformitate cu normele Chicago Manual of Style. Pentru aceasta, autorul va consulta http:\/\/www.chicagomanualofstyle.org\/tools_citationguide.html. Referintele bibliografice sunt obligatorii (Times New Roman, 10).<\/p><p><br \/>\u00cen cuprinsul studiului vor fi utilizate notele de subsol.<\/p><\/div>\n\t\t\t\t\t\t\t\t\t<div class=\"elementor-tab-title elementor-tab-mobile-title\" aria-selected=\"false\" data-tab=\"7\" role=\"tab\" tabindex=\"-1\" aria-controls=\"elementor-tab-content-9977\" aria-expanded=\"false\">Loc de desf\u0103\u0219urare<\/div>\n\t\t\t\t\t<div id=\"elementor-tab-content-9977\" class=\"elementor-tab-content elementor-clearfix\" data-tab=\"7\" role=\"tabpanel\" aria-labelledby=\"elementor-tab-title-9977\" tabindex=\"0\" hidden=\"hidden\"><p><strong>CONSTANT 2019,\u00a0<\/strong>Conferin\u0163a Studen\u0163easc\u0103 Anual\u0103 \u201cNicolae Titulescu\u201d se desf\u0103\u015foar\u0103 \u00een campusul Universit\u0103\u0163ii \u201cNicolae Titulescu\u201d din Bucure\u015fti, Calea V\u0103c\u0103re\u015fti, nr. 185, Sector 4. Studen\u0163ii \u015fi masteranzii \u00eenscri\u015fi pentru\u00a0<strong>CONSTANT 2019\u00a0<\/strong>au la dispozi\u0163ie, an de an, spa\u0163iile generoase ale universit\u0103\u0163ii, amfiteatre, laboratoare de informatic\u0103, tehnica necesar\u0103 proiect\u0103rii studiilor propuse, acces la internet.<br \/><br \/>Universitatea \u201eNicolae Titulescu\u201d din Bucure\u015fti beneficiaz\u0103 de o baz\u0103 material\u0103 corespunz\u0103toare, av\u00e2nd \u00een proprietate o cl\u0103dire modern\u0103 (parter + 2 etaje) \u00een suprafa\u0163\u0103 de 15.000 mp, cu 13 amfiteatre, 36 s\u0103li de seminar \u015fi 4 laboratoare (unul de criminalistic\u0103 \u015fi 3 de informatic\u0103) dotate corespunz\u0103tor.<br \/><br \/>De asemenea, Universitatea are o bibliotec\u0103 dotat\u0103 cu sal\u0103 de lectur\u0103, \u00een suprafa\u0163\u0103 total\u0103 de 356.75 mp, cu 184 locuri pentru studen\u0163i si cadre didactice, precum \u015fi un fond de carte propriu. La sfarsitul lunii august 2011 biblioteca dispunea de 11534 volume ce reprezinta 5603 titluri de carte si un numar de 3122 vol. reprezentand 99 de titluri publicatii periodice. Dotat\u0103 cu mobilier modern \u015fi calculatoare, acces la Internet \u015fi la baza de date, informatizarea unora din serviciile func\u0163ionale, asigur\u0103 accesul zilnic potrivit programului afi\u015fat.<br \/><br \/><img decoding=\"async\" src=\"http:\/\/constant.univnt.ro\/pictures\/univ_1.jpg\" alt=\"univ_1\" \/><\/p><\/div>\n\t\t\t\t\t\t\t\t\t<div class=\"elementor-tab-title elementor-tab-mobile-title\" aria-selected=\"false\" data-tab=\"8\" role=\"tab\" tabindex=\"-1\" aria-controls=\"elementor-tab-content-9978\" aria-expanded=\"false\">CONSTANT 2019 Program<\/div>\n\t\t\t\t\t<div id=\"elementor-tab-content-9978\" class=\"elementor-tab-content elementor-clearfix\" data-tab=\"8\" role=\"tabpanel\" aria-labelledby=\"elementor-tab-title-9978\" tabindex=\"0\" hidden=\"hidden\"><p style=\"text-align: center;\"><a href=\"http:\/\/constant.univnt.ro\/wp-content\/uploads\/program\/program_constant_2019.pdf\"><strong><button type=\"button\">Program<\/button><\/strong><\/a><\/p><\/div>\n\t\t\t\t\t\t\t\t\t<div class=\"elementor-tab-title elementor-tab-mobile-title\" aria-selected=\"false\" data-tab=\"9\" role=\"tab\" tabindex=\"-1\" aria-controls=\"elementor-tab-content-9979\" aria-expanded=\"false\">CONSTANT 2019 Jurnal<\/div>\n\t\t\t\t\t<div id=\"elementor-tab-content-9979\" class=\"elementor-tab-content elementor-clearfix\" data-tab=\"9\" role=\"tabpanel\" aria-labelledby=\"elementor-tab-title-9979\" tabindex=\"0\" hidden=\"hidden\"><p style=\"text-align: center;\"><a href=\"http:\/\/constant.univnt.ro\/wp-content\/uploads\/ebook\/ebook_constant_2019.pdf\"><strong><button type=\"button\">Jurnal<\/button><\/strong><\/a><\/p><\/div>\n\t\t\t\t\t\t\t\t\t<div class=\"elementor-tab-title elementor-tab-mobile-title\" aria-selected=\"false\" data-tab=\"10\" role=\"tab\" tabindex=\"-1\" aria-controls=\"elementor-tab-content-99710\" aria-expanded=\"false\">PALMARES<\/div>\n\t\t\t\t\t<div id=\"elementor-tab-content-99710\" class=\"elementor-tab-content elementor-clearfix\" data-tab=\"10\" role=\"tabpanel\" aria-labelledby=\"elementor-tab-title-99710\" tabindex=\"0\" hidden=\"hidden\"><div class=\"left_column\"><p>\u00cen perioada 05-06 aprilie 2019 s-a desf\u0103\u0219urat cea de-a noua edi\u021bie a Conferin\u021bei Studen\u021bilor, CONSTANT. Ne-am bucurat \u0219i de aceasta dat\u0103, de participarea studen\u021bilor de la mai multe universit\u0103\u021bi din \u021bar\u0103 \u0219i str\u0103inatate.<br \/><br \/>\u00cen cadrul conferin\u021bei a fost prezent\u0103 \u0219i \u00een acesta an, o delega\u021bie din partea Facult\u0103\u021bii de Drept a Universit\u0103\u021bii din Miskolc, Ungaria \u0219i o delega\u021bie din partea Universit\u0103\u021bii \\&#8221;Angel Kanchev\\&#8221; din Ruse, Bulgaria.<br \/><br \/>Cele trei sec\u021biuni ale conferin\u021bei au fost:<br \/>1. Drept<br \/>2. Economia \u015fi administrarea afacerilor<br \/>3. Rela\u0163ii interna\u0163ionale \u015fi administra\u0163ie<br \/><br \/>Competi\u021bia a fost str\u00e2ns\u0103 iar cele mai bune lucr\u0103ri au fost premiate.<br \/><br \/>Mul\u021bumim pe aceasta cale tuturor participan\u021bilor la conferinta \u0219i adres\u0103m \u00eenca de pe acum invita\u021bia de a participa \u0219i la urm\u0103toarea editie a CONSTANT, care se va desf\u0103\u0219ura \u00een anul 2020.<br \/><br \/>Premiile detaliate pe domenii \u0219i sec\u021biuni le g\u0103siti afi\u0219ate mai jos.<br \/><br \/>V\u0103 mul\u021bumim,<br \/>Asistent univ. dr. Nicoleta Panait<br \/>Manager CONSTANT 2019<br \/><br \/><br \/><strong>1. Sectiunea Drept<\/strong><br \/><strong>1.1. Drept penal<\/strong><br \/><br \/><strong>Premiul I<\/strong><br \/>&#8211; \u00d6rs SZUNYOGH<br \/>&#8211; Mirel Georgian PETRE<br \/>&#8211; Marian ANTOHI<br \/>&#8211; C\u0103t\u0103lina Alexandra DAN<br \/><br \/><strong>Premiul II<\/strong><br \/>&#8211; Ioana Maria COSAC<br \/>&#8211; Valentina NICOLAE<br \/><br \/><strong>Premiul III<\/strong><br \/>&#8211; \u0218tefan-Alberto LUPU<br \/>&#8211; Adina-Maria ENACHE<br \/>&#8211; Cristian Alexandru COJOCARU<br \/><br \/><strong>Men\u021biuni<\/strong><br \/>&#8211; Georgiana B\u0102RBU\u0162\u0102<br \/>&#8211; Maria-Anca CIRIC\u0102<br \/>&#8211; Beatrice-Gabriela FILIP<br \/><br \/><br \/><strong>1.2. Drept privat<\/strong><br \/><br \/><strong>Premiul I<\/strong><br \/>&#8211; Adrienn Aliz M\u00d3RICZ<br \/>&#8211; Vesela HRISTOVA<br \/>&#8211; Toshko IVANOV<br \/>&#8211; Diana SOARE<br \/>&#8211; M\u0103d\u0103lina Lavinia TEIO\u0218ANU<br \/><br \/><strong>Premiul II<\/strong><br \/>&#8211; Alessio DI BITETTO<br \/>&#8211; S\u00e1ra Patr\u00edcia KARDOS<br \/>&#8211; Ioan S\u00e2nziana-ANDREEA<br \/>&#8211; Tudor-Florin DRUJESCU<br \/><br \/><strong>Premiul III<\/strong><br \/>&#8211; Ren\u00e1ta ZELINA<br \/>&#8211; Stanimir BOJADZHIEV<br \/>&#8211; Angelina BOGDANOVA<br \/>&#8211; Alexandra MATEIU<br \/>&#8211; Monica CONSTANDACHE<br \/>&#8211; Emilia-Ioana BUJOAIC\u0102<br \/>&#8211; Sabina FARC\u0102SANU<br \/><br \/><strong>Men\u021biuni<\/strong><br \/>&#8211; Anamaria-Daniela BREDET<br \/>&#8211; Ana-Maria C\u0103lina B\u0102L\u021a\u0102TESCU<br \/><br \/><strong>1.3. Drept public<\/strong><br \/><br \/><strong>Premiul I<\/strong><br \/>&#8211; Marcell SZIKSZAI<br \/>&#8211; Gerg\u0151 G\u00e1bor HERCZEG<br \/>&#8211; Radu-Mihai URSU<br \/>&#8211; Gabriela BELGHIRU<br \/>&#8211; Cristina-Florentina ST\u00ceNG\u0102<br \/>&#8211; \u0218tefan LUPU<br \/><br \/><strong>Premiul II<\/strong><br \/>&#8211; Tam\u00e1s BARTA<br \/>&#8211; M\u0103d\u0103lina BANU<br \/>&#8211; Alina GHELASE<br \/>&#8211; Andrei-Emanuel RADU<br \/>&#8211; Georgiana PIRVU<br \/><br \/><strong>Premiul III<\/strong><br \/>&#8211; D\u00e1niel K\u00d3KAI<br \/>&#8211; C\u0103t\u0103lina Alexandra DAN<br \/>&#8211; Marian ANTOHI<br \/>&#8211; Andra-Beatrice R\u0102DULESCU<br \/>&#8211; Alina-Mihaela TIRIC\u0102<br \/><br \/><strong>Men\u021biuni<\/strong><br \/>&#8211; Andrei Bogdan DOBRE<br \/><br \/><br \/><strong>2. Economie \u015fi administrarea afacerilor<\/strong><br \/><br \/><strong>Premiul I<\/strong><br \/>&#8211; Alexandra Iulia VOLOC<br \/>&#8211; Alexandrina (SIMION) BOD\u00ceRL\u0102U<br \/>&#8211; Ionela PETRE<br \/><br \/><strong>Premiul II<\/strong><br \/>&#8211; Gabriel NI\u021aI\u0218OR<br \/>&#8211; Remus MITIRI\u021a\u0102<br \/>&#8211; Cristian STR\u0102TEANU<br \/>&#8211; Margareta ENACHE<br \/><br \/><strong>Premiul III<\/strong><br \/>&#8211; Alexandra-Vanda COVACI<br \/>&#8211; Lucian Cosmin B\u0102D\u0102L\u0102U<br \/>&#8211; Camelia P\u00c2RLEA-STANCU (MATEI)<br \/><br \/><strong>Men\u021biuni<\/strong><br \/>&#8211; Andreea-Bianca NICA<br \/>&#8211; Nina BADEA<br \/><br \/><br \/><strong>3. Rela\u0163ii interna\u0163ionale \u015fi administra\u0163ie<\/strong><br \/><br \/><strong>Premiul I<\/strong><br \/>&#8211; Mihaela Gabriela COMAN<br \/>&#8211; Iulia IORDAN<br \/>&#8211; Mirela (GLIGOR) CONSTATINESCU<br \/>&#8211; Nedelcu Corina GHINEA<br \/>&#8211; Olivia RO\u0218CA<br \/><br \/><strong>Premiul II<\/strong><br \/>&#8211; Mihaela Gabriela COMAN<br \/>&#8211; Veronica S\u00ceRBU<br \/>&#8211; Gabriela STAN<br \/>&#8211; Crina Andreea ZANFIR<br \/>&#8211; Lavinia Gabriela PUIU<br \/><br \/><strong>Premiul III<\/strong><br \/>&#8211; Loredana (Pintilei) BURTAN<br \/>&#8211; Andra-Georgiana DUMITRA<br \/>&#8211; Claudia MATEESCU<br \/>&#8211; Mariana Bianca NI\u021a\u0102<br \/><br \/><strong>Men\u021biuni<\/strong><br \/>&#8211; Ionu\u021b Florin Z\u0102LARU<\/p><\/div><\/div>\n\t\t\t\t\t\t\t\t\t<div class=\"elementor-tab-title elementor-tab-mobile-title\" aria-selected=\"false\" data-tab=\"11\" role=\"tab\" tabindex=\"-1\" aria-controls=\"elementor-tab-content-99711\" aria-expanded=\"false\">FORMULAR DE \u00ceNREGISTRARE<\/div>\n\t\t\t\t\t<div id=\"elementor-tab-content-99711\" class=\"elementor-tab-content elementor-clearfix\" data-tab=\"11\" role=\"tabpanel\" aria-labelledby=\"elementor-tab-title-99711\" tabindex=\"0\" hidden=\"hidden\"><p style=\"text-align: center;\"><a href=\"https:\/\/forms.gle\/z4FmRS3sbfdkf8ja6\"><strong><button type=\"button\">Formular de \u00eenregistrare<\/button><\/strong><\/a><\/p><\/div>\n\t\t\t\t\t\t\t<\/div>\n\t\t<\/div>\n\t\t\t\t<\/div>\n\t\t\t\t<\/div>\n\t\t\t\t\t<\/div>\n\t\t<\/div>\n\t\t\t\t\t\t\t<\/div>\n\t\t<\/section>\n\t\t\t\t\t\t\t<\/div>\n\t\t","protected":false},"excerpt":{"rendered":"<p>Despre CONSTANT 2019 Domenii de interes Comitetul \u015ftiin\u0163ific interna\u0163ional Comitetul de organizare Termene Instruc\u0163iuni pentru autori Loc de desf\u0103\u0219urare CONSTANT 2019 Program CONSTANT 2019 Jurnal PALMARES FORMULAR DE \u00ceNREGISTRARE Despre CONSTANT 2019 Conferin\u0163a studen\u0163easc\u0103 anual\u0103\u201eNicolae Titulescu\u201d &#8211; \u201eCONSTANT\u201d05th\u00a0&#8211; 06th\u00a0April 2019, Bucure\u015fti, 2019Edi\u0163ia a IX-a Conferin\u0163a studen\u0163easc\u0103 anual\u0103\u00a0\u201eNicolae Titulescu\u201d &#8211; \u201eCONSTANT\u201d, manifestare cu caracter interna\u0163ional, organizat\u0103 [&hellip;]<\/p>\n","protected":false},"author":1,"featured_media":0,"parent":0,"menu_order":0,"comment_status":"closed","ping_status":"closed","template":"","meta":[],"yoast_head":"<!-- This site is optimized with the Yoast SEO plugin v20.2.1 - https:\/\/yoast.com\/wordpress\/plugins\/seo\/ -->\n<title>Constant 2019 - CONSTANT - Conferin\u0163a studen\u0163easc\u0103 anual\u0103 &quot;Nicolae Titulescu&quot;<\/title>\n<meta name=\"robots\" content=\"noindex, follow, max-snippet:-1, max-image-preview:large, max-video-preview:-1\" \/>\n<meta property=\"og:locale\" content=\"en_US\" \/>\n<meta property=\"og:type\" content=\"article\" \/>\n<meta property=\"og:title\" content=\"Constant 2019 - CONSTANT - Conferin\u0163a studen\u0163easc\u0103 anual\u0103 &quot;Nicolae Titulescu&quot;\" \/>\n<meta property=\"og:description\" content=\"Despre CONSTANT 2019 Domenii de interes Comitetul \u015ftiin\u0163ific interna\u0163ional Comitetul de organizare Termene Instruc\u0163iuni pentru autori Loc de desf\u0103\u0219urare CONSTANT 2019 Program CONSTANT 2019 Jurnal PALMARES FORMULAR DE \u00ceNREGISTRARE Despre CONSTANT 2019 Conferin\u0163a studen\u0163easc\u0103 anual\u0103\u201eNicolae Titulescu\u201d &#8211; \u201eCONSTANT\u201d05th\u00a0&#8211; 06th\u00a0April 2019, Bucure\u015fti, 2019Edi\u0163ia a IX-a Conferin\u0163a studen\u0163easc\u0103 anual\u0103\u00a0\u201eNicolae Titulescu\u201d &#8211; \u201eCONSTANT\u201d, manifestare cu caracter interna\u0163ional, organizat\u0103 [&hellip;]\" \/>\n<meta property=\"og:url\" content=\"https:\/\/constant.univnt.ro\/index.php\/constant-2019\/\" \/>\n<meta property=\"og:site_name\" content=\"CONSTANT - Conferin\u0163a studen\u0163easc\u0103 anual\u0103 &quot;Nicolae Titulescu&quot;\" \/>\n<meta property=\"article:modified_time\" content=\"2025-09-22T11:19:10+00:00\" \/>\n<meta property=\"og:image\" content=\"http:\/\/constant.univnt.ro\/pictures\/constant2012.jpg\" \/>\n<meta name=\"twitter:card\" content=\"summary_large_image\" \/>\n<meta name=\"twitter:label1\" content=\"Est. reading time\" \/>\n\t<meta name=\"twitter:data1\" content=\"11 minutes\" \/>\n<script type=\"application\/ld+json\" class=\"yoast-schema-graph\">{\"@context\":\"https:\/\/schema.org\",\"@graph\":[{\"@type\":\"WebPage\",\"@id\":\"https:\/\/constant.univnt.ro\/index.php\/constant-2019\/\",\"url\":\"https:\/\/constant.univnt.ro\/index.php\/constant-2019\/\",\"name\":\"Constant 2019 - CONSTANT - Conferin\u0163a studen\u0163easc\u0103 anual\u0103 &quot;Nicolae Titulescu&quot;\",\"isPartOf\":{\"@id\":\"https:\/\/constant.univnt.ro\/#website\"},\"datePublished\":\"2022-12-01T14:15:13+00:00\",\"dateModified\":\"2025-09-22T11:19:10+00:00\",\"breadcrumb\":{\"@id\":\"https:\/\/constant.univnt.ro\/index.php\/constant-2019\/#breadcrumb\"},\"inLanguage\":\"en-US\",\"potentialAction\":[{\"@type\":\"ReadAction\",\"target\":[\"https:\/\/constant.univnt.ro\/index.php\/constant-2019\/\"]}]},{\"@type\":\"BreadcrumbList\",\"@id\":\"https:\/\/constant.univnt.ro\/index.php\/constant-2019\/#breadcrumb\",\"itemListElement\":[{\"@type\":\"ListItem\",\"position\":1,\"name\":\"Acas\u0103\",\"item\":\"https:\/\/constant.univnt.ro\/\"},{\"@type\":\"ListItem\",\"position\":2,\"name\":\"Constant 2019\"}]},{\"@type\":\"WebSite\",\"@id\":\"https:\/\/constant.univnt.ro\/#website\",\"url\":\"https:\/\/constant.univnt.ro\/\",\"name\":\"CONSTANT - Conferin\u0163a studen\u0163easc\u0103 anual\u0103 &quot;Nicolae Titulescu&quot;\",\"description\":\"Conferin\u0163a studen\u0163easc\u0103 anual\u0103 &quot;Nicolae Titulescu&quot; CONSTANT\",\"publisher\":{\"@id\":\"https:\/\/constant.univnt.ro\/#organization\"},\"potentialAction\":[{\"@type\":\"SearchAction\",\"target\":{\"@type\":\"EntryPoint\",\"urlTemplate\":\"https:\/\/constant.univnt.ro\/?s={search_term_string}\"},\"query-input\":\"required name=search_term_string\"}],\"inLanguage\":\"en-US\"},{\"@type\":\"Organization\",\"@id\":\"https:\/\/constant.univnt.ro\/#organization\",\"name\":\"CONSTANT - Conferin\u0163a studen\u0163easc\u0103 anual\u0103 &quot;Nicolae Titulescu&quot;\",\"url\":\"https:\/\/constant.univnt.ro\/\",\"logo\":{\"@type\":\"ImageObject\",\"inLanguage\":\"en-US\",\"@id\":\"https:\/\/constant.univnt.ro\/#\/schema\/logo\/image\/\",\"url\":\"https:\/\/constant.univnt.ro\/wp-content\/uploads\/2022\/12\/cropped-logo-univnt.png\",\"contentUrl\":\"https:\/\/constant.univnt.ro\/wp-content\/uploads\/2022\/12\/cropped-logo-univnt.png\",\"width\":190,\"height\":190,\"caption\":\"CONSTANT - Conferin\u0163a studen\u0163easc\u0103 anual\u0103 &quot;Nicolae Titulescu&quot;\"},\"image\":{\"@id\":\"https:\/\/constant.univnt.ro\/#\/schema\/logo\/image\/\"}}]}<\/script>\n<!-- \/ Yoast SEO plugin. -->","yoast_head_json":{"title":"Constant 2019 - CONSTANT - Conferin\u0163a studen\u0163easc\u0103 anual\u0103 &quot;Nicolae Titulescu&quot;","robots":{"index":"noindex","follow":"follow","max-snippet":"max-snippet:-1","max-image-preview":"max-image-preview:large","max-video-preview":"max-video-preview:-1"},"og_locale":"en_US","og_type":"article","og_title":"Constant 2019 - CONSTANT - Conferin\u0163a studen\u0163easc\u0103 anual\u0103 &quot;Nicolae Titulescu&quot;","og_description":"Despre CONSTANT 2019 Domenii de interes Comitetul \u015ftiin\u0163ific interna\u0163ional Comitetul de organizare Termene Instruc\u0163iuni pentru autori Loc de desf\u0103\u0219urare CONSTANT 2019 Program CONSTANT 2019 Jurnal PALMARES FORMULAR DE \u00ceNREGISTRARE Despre CONSTANT 2019 Conferin\u0163a studen\u0163easc\u0103 anual\u0103\u201eNicolae Titulescu\u201d &#8211; \u201eCONSTANT\u201d05th\u00a0&#8211; 06th\u00a0April 2019, Bucure\u015fti, 2019Edi\u0163ia a IX-a Conferin\u0163a studen\u0163easc\u0103 anual\u0103\u00a0\u201eNicolae Titulescu\u201d &#8211; \u201eCONSTANT\u201d, manifestare cu caracter interna\u0163ional, organizat\u0103 [&hellip;]","og_url":"https:\/\/constant.univnt.ro\/index.php\/constant-2019\/","og_site_name":"CONSTANT - Conferin\u0163a studen\u0163easc\u0103 anual\u0103 &quot;Nicolae Titulescu&quot;","article_modified_time":"2025-09-22T11:19:10+00:00","og_image":[{"url":"http:\/\/constant.univnt.ro\/pictures\/constant2012.jpg"}],"twitter_card":"summary_large_image","twitter_misc":{"Est. reading time":"11 minutes"},"schema":{"@context":"https:\/\/schema.org","@graph":[{"@type":"WebPage","@id":"https:\/\/constant.univnt.ro\/index.php\/constant-2019\/","url":"https:\/\/constant.univnt.ro\/index.php\/constant-2019\/","name":"Constant 2019 - CONSTANT - Conferin\u0163a studen\u0163easc\u0103 anual\u0103 &quot;Nicolae Titulescu&quot;","isPartOf":{"@id":"https:\/\/constant.univnt.ro\/#website"},"datePublished":"2022-12-01T14:15:13+00:00","dateModified":"2025-09-22T11:19:10+00:00","breadcrumb":{"@id":"https:\/\/constant.univnt.ro\/index.php\/constant-2019\/#breadcrumb"},"inLanguage":"en-US","potentialAction":[{"@type":"ReadAction","target":["https:\/\/constant.univnt.ro\/index.php\/constant-2019\/"]}]},{"@type":"BreadcrumbList","@id":"https:\/\/constant.univnt.ro\/index.php\/constant-2019\/#breadcrumb","itemListElement":[{"@type":"ListItem","position":1,"name":"Acas\u0103","item":"https:\/\/constant.univnt.ro\/"},{"@type":"ListItem","position":2,"name":"Constant 2019"}]},{"@type":"WebSite","@id":"https:\/\/constant.univnt.ro\/#website","url":"https:\/\/constant.univnt.ro\/","name":"CONSTANT - Conferin\u0163a studen\u0163easc\u0103 anual\u0103 &quot;Nicolae Titulescu&quot;","description":"Conferin\u0163a studen\u0163easc\u0103 anual\u0103 &quot;Nicolae Titulescu&quot; CONSTANT","publisher":{"@id":"https:\/\/constant.univnt.ro\/#organization"},"potentialAction":[{"@type":"SearchAction","target":{"@type":"EntryPoint","urlTemplate":"https:\/\/constant.univnt.ro\/?s={search_term_string}"},"query-input":"required name=search_term_string"}],"inLanguage":"en-US"},{"@type":"Organization","@id":"https:\/\/constant.univnt.ro\/#organization","name":"CONSTANT - Conferin\u0163a studen\u0163easc\u0103 anual\u0103 &quot;Nicolae Titulescu&quot;","url":"https:\/\/constant.univnt.ro\/","logo":{"@type":"ImageObject","inLanguage":"en-US","@id":"https:\/\/constant.univnt.ro\/#\/schema\/logo\/image\/","url":"https:\/\/constant.univnt.ro\/wp-content\/uploads\/2022\/12\/cropped-logo-univnt.png","contentUrl":"https:\/\/constant.univnt.ro\/wp-content\/uploads\/2022\/12\/cropped-logo-univnt.png","width":190,"height":190,"caption":"CONSTANT - Conferin\u0163a studen\u0163easc\u0103 anual\u0103 &quot;Nicolae Titulescu&quot;"},"image":{"@id":"https:\/\/constant.univnt.ro\/#\/schema\/logo\/image\/"}}]}},"_links":{"self":[{"href":"https:\/\/constant.univnt.ro\/index.php\/wp-json\/wp\/v2\/pages\/106"}],"collection":[{"href":"https:\/\/constant.univnt.ro\/index.php\/wp-json\/wp\/v2\/pages"}],"about":[{"href":"https:\/\/constant.univnt.ro\/index.php\/wp-json\/wp\/v2\/types\/page"}],"author":[{"embeddable":true,"href":"https:\/\/constant.univnt.ro\/index.php\/wp-json\/wp\/v2\/users\/1"}],"replies":[{"embeddable":true,"href":"https:\/\/constant.univnt.ro\/index.php\/wp-json\/wp\/v2\/comments?post=106"}],"version-history":[{"count":23,"href":"https:\/\/constant.univnt.ro\/index.php\/wp-json\/wp\/v2\/pages\/106\/revisions"}],"predecessor-version":[{"id":2039,"href":"https:\/\/constant.univnt.ro\/index.php\/wp-json\/wp\/v2\/pages\/106\/revisions\/2039"}],"wp:attachment":[{"href":"https:\/\/constant.univnt.ro\/index.php\/wp-json\/wp\/v2\/media?parent=106"}],"curies":[{"name":"wp","href":"https:\/\/api.w.org\/{rel}","templated":true}]}}